{"id":3,"date":"2024-06-20T09:47:12","date_gmt":"2024-06-20T07:47:12","guid":{"rendered":"http:\/\/miradors.osonaturisme.cat\/?page_id=3"},"modified":"2024-06-28T13:01:11","modified_gmt":"2024-06-28T11:01:11","slug":"avis-legal","status":"publish","type":"page","link":"https:\/\/miradors.osonaturisme.cat\/index.php\/avis-legal\/","title":{"rendered":"Av\u00eds legal"},"content":{"rendered":"\t\t<div data-elementor-type=\"wp-page\" data-elementor-id=\"3\" class=\"elementor elementor-3\" data-elementor-post-type=\"page\">\n\t\t\t\t<div class=\"elementor-element elementor-element-3f2ea494 thegem-e-con-layout-thegem e-flex e-con-boxed e-con e-parent\" data-id=\"3f2ea494\" data-element_type=\"container\" data-settings=\"{&quot;thegem_container_layout&quot;:&quot;thegem&quot;}\">\n\t\t\t\t\t<div class=\"e-con-inner\">\n\t\t\t\t<div class=\"elementor-element elementor-element-ecbe686 flex-horizontal-align-default flex-horizontal-align-tablet-default flex-horizontal-align-mobile-default flex-vertical-align-default flex-vertical-align-tablet-default flex-vertical-align-mobile-default elementor-widget elementor-widget-text-editor\" data-id=\"ecbe686\" data-element_type=\"widget\" data-widget_type=\"text-editor.default\">\n\t\t\t\t<div class=\"elementor-widget-container\">\n\t\t\t<style>\/*! elementor - v3.21.0 - 30-04-2024 *\/\n.elementor-widget-text-editor.elementor-drop-cap-view-stacked .elementor-drop-cap{background-color:#69727d;color:#fff}.elementor-widget-text-editor.elementor-drop-cap-view-framed .elementor-drop-cap{color:#69727d;border:3px solid;background-color:transparent}.elementor-widget-text-editor:not(.elementor-drop-cap-view-default) .elementor-drop-cap{margin-top:8px}.elementor-widget-text-editor:not(.elementor-drop-cap-view-default) .elementor-drop-cap-letter{width:1em;height:1em}.elementor-widget-text-editor .elementor-drop-cap{float:left;text-align:center;line-height:1;font-size:50px}.elementor-widget-text-editor .elementor-drop-cap-letter{display:inline-block}<\/style>\t\t\t\t\t\t\t<div class=\"elementor-text-editor elementor-clearfix\">\r\n\t\t\t\t\t\t<!-- wp:heading -->\n<p>Aquesta p\u00e0gina web ha estat creada pel Consell Comarcal d\u2019Osona \u2013 Osona Turisme, amb car\u00e0cter informatiu. El fet d\u2019accedir a aquesta p\u00e0gina implica el coneixement i acceptaci\u00f3 dels seg\u00fcents termes i condicions.<\/p>\n<p>1. Titularitat de la p\u00e0gina web. El nom del domini osonaturisme.cat est\u00e0 registrat a favor del Consell Comarcal d\u2019Osona- Osona Turisme(P-5800015-I, c\/ Ramon d\u2019Abadal i de Vinyals, 5, 3a planta \u2013 08500 Vic, 938851715,\u00a0<a href=\"mailto:info@osonaturisme.cat\" target=\"_blank\" rel=\"nofollow noopener noreferrer\">info@osonaturisme.cat<\/a>)<\/p>\n<p>2. Propietat intel\u00b7lectual de la web. Tots els drets de propietat intel\u00b7lectual del contingut d\u2019aquesta p\u00e0gina web i el seu disseny gr\u00e0fic, s\u00f3n propietat exclusiva del Consell Comarcal d\u2019Osona \u2013 Osona Turisme, i \u00e9s a qui li correspon l\u2019exercici exclusiu dels drets d\u2019explotaci\u00f3 dels mateixos.<\/p>\n<p>Per tant queda prohibida la seva reproducci\u00f3, distribuci\u00f3, comunicaci\u00f3 p\u00fablica i transformaci\u00f3, total o parcial, sense l\u2019autoritzaci\u00f3 expressa del Consell Comarcal d\u2019Osona \u2013 Osona Turisme. Igualment, tots els signes distintius, marques, noms comercials o signes de qualsevol classe continguts en aquesta p\u00e0gina web estan protegits per llei.<\/p>\n<p>3. Contingut de la web i enlla\u00e7os. El Consell Comarcal d\u2019Osona \u2013 Osona Turisme no es responsabilitza del mal \u00fas que es realitzi dels continguts de la seva p\u00e0gina web, sent exclusiva responsabilitat de la persona que hi accedeix a ells o els utilitza. Tampoc assumeix cap responsabilitat per la informaci\u00f3 continguda en les p\u00e0gines web de tercers a les que es pugui accedir per enlla\u00e7os des de la p\u00e0gina\u00a0<a href=\"https:\/\/osonaturisme.cat\/\" target=\"_blank\" rel=\"nofollow noopener noreferrer\">https:\/\/osonaturisme.cat\/<\/a>.\u00a0La pres\u00e8ncia d\u2019aquests enlla\u00e7os tenen una finalitat informativa, no constituint en cap cas una invitaci\u00f3 a la contractaci\u00f3 de productes o serveis que s\u2019ofereixin en la p\u00e0gina web de dest\u00ed. En cas de que el Consell Comarcal \u2013 Osona Turisme tingui coneixement efectiu de que l\u2019activitat o la informaci\u00f3 a la que es remet des de aquests enlla\u00e7os \u00e9s il\u00b7l\u00edcita, constitutiva de delicte o pot lesionar bens o drets de tercers susceptibles d\u2019indemnitzaci\u00f3, actuar\u00e0 amb la dilig\u00e8ncia necess\u00e0ria per suprimir o inutilitzar l\u2019enlla\u00e7 corresponent amb la major brevetat possible.<\/p>\n<p>4. Actualitzaci\u00f3 i modificaci\u00f3 de la p\u00e0gina web. El Consell Comarcal d\u2019Osona \u2013 Osona Turisme es reserva el dret d\u2019actualitzar, modificar o eliminar la informaci\u00f3 continguda en la seva p\u00e0gina web, i la seva configuraci\u00f3 o presentaci\u00f3, en qualsevol moment, sense previ avis i sense assumir cap responsabilitat per fer-ho.<\/p>\n<p>5. Indicacions sobre aspectes t\u00e8cnics. El Consell Comarcal d\u2019Osona \u2013 Osona Turisme no assumeix cap responsabilitat que es pugui derivar de problemes t\u00e8cnics o errades en els equips inform\u00e0tics, no imputables al Consell Comarcal \u2013 Osona Turisme, que es produeixin durant la connexi\u00f3 a la xarxa d\u2019Internet, o que puguin ser causats per terceres persones mitjan\u00e7ant intromissions il\u00b7leg\u00edtimes fora del seu control.<\/p>\n<p>Des del Consell Comarcal d\u2019Osona- Osona Turisme no es garanteix l\u2019abs\u00e8ncia de virus i d\u2019altres elements que puguin causar danys en els sistemes inform\u00e0tics, en els documents electr\u00f2nics o en els fitxers d\u2019usuari d\u2019aquesta p\u00e0gina web o de p\u00e0gines web de tercers, i per tant, no es responsabilitza dels perjudicis que es puguin produir per aquestes causes.<\/p>\n<p>Tamb\u00e9 queda exonerat de tota responsabilitat davant de possibles danys o perjudicis que pugui patir l\u2019usuari com a conseq\u00fc\u00e8ncia d\u2019errades, defectes u omissions en la informaci\u00f3 que facilita quan procedeixi de terceres fonts.<\/p>\n<p>6. Tractament de dades de l\u2019usuari. Sense prejudici del previst en l\u2019indicat en cada un dels formularis de la p\u00e0gina web, quan l\u2019usuari faciliti les seves dades de car\u00e0cter personal, est\u00e0 autoritzant expressament al Consell Comarcal d\u2019Osona \u2013 Osona Turisme al tractament automatitzat de les seves dades personals per a les finalitats indicades en els mateixos formularis.<\/p>\n<p>El Consell Comarcal d\u2019Osona- Osona Turisme incorporar\u00e0 les dades facilitades per l\u2019usuari en un fitxer de la seva titularitat degudament comunicat a l\u2019Ag\u00e8ncia de Protecci\u00f3 de Dades. El Consell Comarcal \u2013 Osona Turisme no cedir\u00e0 o comunicar\u00e0 a tercers les dades recollides sense consentiment de l\u2019usuari. L\u2019usuari podr\u00e0 exercir els seus drets d\u2019acc\u00e9s, rectificaci\u00f3, cancel\u00b7laci\u00f3 u oposici\u00f3, comunicant-ho per escrit a l\u2019adre\u00e7a postal o a la de correu electr\u00f2nic del Consell Comarcal \u2013 Osona Turisme.<\/p>\n<p>7. Legislaci\u00f3 i jurisdicci\u00f3 aplicable. Amb car\u00e0cter general, les relacions amb els usuaris, que es derivin de la prestaci\u00f3 dels serveis continguts en aquesta p\u00e0gina web, estan sotmesos a la legislaci\u00f3 i jurisdicci\u00f3 espanyola.<\/p>\n<p>Els usuaris d\u2019aquesta p\u00e0gina web s\u00f3n conscients de tot l\u2019exposat i ho accepten volunt\u00e0riament.<\/p>\t\t\t\t\t\t\t<\/div>\r\n\t\t\t\t\t\t\t\t<\/div>\n\t\t\t\t<\/div>\n\t\t\t\t\t<\/div>\n\t\t\t\t<\/div>\n\t\t\t\t<\/div>\n\t\t","protected":false},"excerpt":{"rendered":"<p>Aquesta p\u00e0gina web ha estat creada pel Consell Comarcal d\u2019Osona \u2013 Osona Turisme, amb car\u00e0cter informatiu. El fet d\u2019accedir a&#8230;<\/p>\n","protected":false},"author":1,"featured_media":0,"parent":0,"menu_order":0,"comment_status":"closed","ping_status":"open","template":"","meta":{"_monsterinsights_skip_tracking":false,"_monsterinsights_sitenote_active":false,"_monsterinsights_sitenote_note":"","_monsterinsights_sitenote_category":0,"footnotes":""},"class_list":["post-3","page","type-page","status-publish"],"_links":{"self":[{"href":"https:\/\/miradors.osonaturisme.cat\/index.php\/wp-json\/wp\/v2\/pages\/3","targetHints":{"allow":["GET"]}}],"collection":[{"href":"https:\/\/miradors.osonaturisme.cat\/index.php\/wp-json\/wp\/v2\/pages"}],"about":[{"href":"https:\/\/miradors.osonaturisme.cat\/index.php\/wp-json\/wp\/v2\/types\/page"}],"author":[{"embeddable":true,"href":"https:\/\/miradors.osonaturisme.cat\/index.php\/wp-json\/wp\/v2\/users\/1"}],"replies":[{"embeddable":true,"href":"https:\/\/miradors.osonaturisme.cat\/index.php\/wp-json\/wp\/v2\/comments?post=3"}],"version-history":[{"count":4,"href":"https:\/\/miradors.osonaturisme.cat\/index.php\/wp-json\/wp\/v2\/pages\/3\/revisions"}],"predecessor-version":[{"id":33468,"href":"https:\/\/miradors.osonaturisme.cat\/index.php\/wp-json\/wp\/v2\/pages\/3\/revisions\/33468"}],"wp:attachment":[{"href":"https:\/\/miradors.osonaturisme.cat\/index.php\/wp-json\/wp\/v2\/media?parent=3"}],"curies":[{"name":"wp","href":"https:\/\/api.w.org\/{rel}","templated":true}]}}